{"id":4733,"date":"2021-02-03T08:50:41","date_gmt":"2021-02-03T08:50:41","guid":{"rendered":"https:\/\/machteret1944.org\/mentoakciok\/the-rescue-of-juca\/"},"modified":"2024-02-05T14:44:39","modified_gmt":"2024-02-05T14:44:39","slug":"juca-megmentese","status":"publish","type":"page","link":"https:\/\/machteret1944.org\/hu\/mentoakciok\/juca-megmentese\/","title":{"rendered":"Juca megment\u00e9se (Judith Herbst)"},"content":{"rendered":"<p>&#8222;Mimish&#8221; (Yitzchak Herbst) Mr. Undergroundk\u00e9nt volt ismert. B\u00e1tor \u00e9s f\u00fcrge volt, \u00e9s nagyon tal\u00e1l\u00e9kony. Azt is tudta, hogyan kell \u00e1lc\u00e1zni mag\u00e1t \u00e9s elvegy\u00fclni a nem zsid\u00f3k k\u00f6z\u00f6tt, \u00e9s sz\u00e1mos akci\u00f3t v\u00e1llalt a magyarorsz\u00e1gi zsid\u00f3k megment\u00e9s\u00e9re. Egy ponton \u00fagy d\u00f6nt\u00f6tt, hogy feles\u00e9g\u00e9vel, Juc\u00e1val egy\u00fctt megpr\u00f3b\u00e1l alij\u00e1zni Eretz Izraelbe. A h\u00e1zasp\u00e1r 1944 j\u00fanius\u00e1ban egy bar\u00e1tj\u00e1val egy\u00fctt vonatra sz\u00e1llt Budapestr\u0151l a rom\u00e1n hat\u00e1rhoz k\u00f6zeli Szegedre, \u00e9s onnan tervezt\u00e9k, hogy egy csemp\u00e9sz seg\u00edts\u00e9g\u00e9vel \u00e1tl\u00e9pik a hat\u00e1rt.<\/p>\n<p>Egy meg\u00e1ll\u00f3val azel\u0151tt, hogy a vonat el\u00e9rte volna a szegedi \u00e1llom\u00e1st, fegyveresek sz\u00e1lltak fel a vonatra, \u00e9s elkezdt\u00e9k \u00e1tvizsg\u00e1lni az \u00f6sszes utas iratait. Herbst\u00e9k hamis\u00edtott okm\u00e1nyait \u00e9s bar\u00e1tjuk\u00e9t is ellen\u0151rizt\u00e9k, majd visszaadt\u00e1k nekik, \u00e9s mindh\u00e1rman fell\u00e9legezhettek. A vonat m\u00e9g aznap este el\u00e9rte \u00fati c\u00e9lj\u00e1t, a h\u00e1rom zsid\u00f3 lesz\u00e1llt, \u00e9s az utc\u00e1n s\u00e9t\u00e1lni kezdtek, mintha nem is egy\u00fctt lettek volna. Egyszer csak megjelent egy csapat katona. &#8222;\u00c1llj!&#8221; &#8211; parancsolta egyik\u00fck. Mimish futni kezdett, de Juca \u00e9s Hans egy helyben megdermedtek. Egy l\u00f6v\u00e9s d\u00f6rd\u00fclt, \u00e9s Mimish meg\u00e1llt. &#8222;Nem tehett\u00fcnk semmit&#8221; &#8211; mondta k\u00e9s\u0151bb vallom\u00e1s\u00e1ban. &#8222;\u0150rizetbe vettek minket, \u00e9s a puskacs\u00f6v\u00fckkel vertek, ami\u00e9rt megpr\u00f3b\u00e1ltam elmenek\u00fclni. \u00c1tadtak minket a magyar k\u00e9melh\u00e1r\u00edt\u00e1snak, ahol kihallgattak, \u00e9s megk\u00e9rdezt\u00e9k, hogy kik vagyunk, mik vagyunk, ki seg\u00edtett nek\u00fcnk, mit akarunk. A r\u00e9pa-bot m\u00f3dszert alkalmazt\u00e1k, vertek minket \u00e9s \u00edg\u00e9reteket tettek&#8221;.<\/p>\n<p>K\u00e9t nap m\u00falva mindh\u00e1rmukat \u00e1tsz\u00e1ll\u00edtott\u00e1k a Gestap\u00f3hoz. N\u00e9h\u00e1ny nappal k\u00e9s\u0151bb m\u00e1s foglyokkal egy\u00fctt v\u00e9gigvonultak Szeged utc\u00e1in. &#8222;Biztos voltam benne, hogy a Tisza partj\u00e1ra vezetnek minket&#8221; &#8211; eml\u00e9kezett vissza Mimish. &#8222;A kiv\u00e9gz\u0151helyre. Hans, Juca \u00e9s \u00e9n egy\u00fctt menetelt\u00fcnk. Rossz fizikai \u00e1llapotunk miatt nyilv\u00e1nval\u00f3an nem kellett att\u00f3l tartani, hogy megpr\u00f3b\u00e1lunk megsz\u00f6kni. A foly\u00f3 egyik kanyarulat\u00e1n\u00e1l kics\u00fasztunk a sorb\u00f3l&#8230; Futottunk, \u00e9s hirtelen megl\u00e1ttunk egy csapat zsid\u00f3t, egy k\u00e9nyszermunk\u00e1s-sz\u00e1zadot, akik \u00e1rkot \u00e1stak&#8230; S\u00e1rga karszalagot viseltek. Odamentem hozz\u00e1juk \u00e9s seg\u00edts\u00e9get k\u00e9rtem. \u00d6sszegy\u0171jt\u00f6ttek nek\u00fcnk egy kis p\u00e9nzt, \u00e9s elindultunk a vas\u00fat\u00e1llom\u00e1s fel\u00e9. Odamentem egy gy\u00fcm\u00f6lcs\u00e1rushoz, hogy vegyek n\u00e9h\u00e1ny alm\u00e1t&#8230; \u00e9hezt\u00fcnk. A szemem sark\u00e1b\u00f3l l\u00e1ttam, hogy az emberek meg\u00e1ll\u00edtj\u00e1k Hansot \u00e9s a Juc\u00e1mat. Valami\u00e9rt nem vettek \u00e9szre&#8230; olyan fajank\u00f3nak \u00e9reztem magam.&#8221; Mimish sz\u00e9gyenkezve eresztette le a tekintet\u00e9t, miut\u00e1n befejezte a t\u00f6rt\u00e9net elmes\u00e9l\u00e9s\u00e9t Rafi Friedlnek (Benshalom), miut\u00e1n egyed\u00fcl t\u00e9rt vissza Budapestre.<\/p>\n<p>Juc\u00e1t \u00e9s Hansot visszaadt\u00e1k a Gestap\u00f3nak. Napokig vert\u00e9k \u0151ket, hogy kiszedj\u00e9k bel\u0151l\u00fck, hol rejt\u0151zik Mimish, mert m\u00e1r tudt\u00e1k, hogy Juca a feles\u00e9ge. Kimondhatatlanul megk\u00ednozt\u00e1k. Az eg\u00e9sz test\u00e9t \u00f6sszevert\u00e9k \u00e9s \u00f6sszez\u00fazt\u00e1k, az arca pedig v\u00e9rb\u0151l, h\u00fasb\u00f3l \u00e9s hajb\u00f3l duzzadt p\u00e9pp\u00e9 v\u00e1lt. \u00dajra \u00e9s \u00fajra arra k\u00e9nyszer\u00edtett\u00e9k, hogy meztelen test\u00e9vel t\u00f6r\u00f6lgesse a fogd\u00e1ban a durva betonpadl\u00f3t, mik\u00f6zben kihallgat\u00f3i v\u00f6d\u00f6rnyi hideg v\u00edzzel locsolt\u00e1k le. Semmit sem \u00e1rult el.<\/p>\n<p>A Cionista Ifj\u00fas\u00e1gi Ellen\u00e1ll\u00e1si Mozgalom (CIEM) budapesti f\u00f6ldalatti vezet\u0151s\u00e9ge kereste a m\u00f3dj\u00e1t, hogy megmentse. Mimish mag\u00e1n k\u00edv\u00fcl volt, \u00e9s retteg\u00e9s fogta el. Egyr\u00e9szt nem akarta, hogy a CIEM egyik \u00fcgyn\u00f6ke is vesz\u00e9lybe sodorja mag\u00e1t, m\u00e1sr\u00e9szt minden porcik\u00e1ja remegett a gondolatt\u00f3l, hogy a feles\u00e9g\u00e9t megk\u00ednozz\u00e1k \u00e9s b\u00f6rt\u00f6nben s\u00ednyl\u0151dik.<\/p>\n<p>Ekkor megjelent egy f\u00e9rfi. &#8222;Szab\u00f3 urat keresem &#8211; mondta az idegen.<\/p>\n<p>&#8222;Maga is?&#8221; &#8211; k\u00e9rdezte az \u00fcvegh\u00e1z \u0151rs\u00e9ge, ahol a CIEM sz\u00e9kh\u00e1za volt, \u00e9s elk\u00fcldte a f\u00e9rfit Moshe Alpan (Pil) el\u00e9, aki akkoriban ezen a n\u00e9ven mutatkozott be, \u00e9s a vezet\u0151s\u00e9g t\u00f6bbi tagj\u00e1val egy\u00fctt az \u00e9p\u00fclet harmadik emelet\u00e9n l\u00e9v\u0151 egyik irod\u00e1ban \u00fclt.<\/p>\n<p>&#8222;A nevem Milan &#8211; mondta a f\u00e9rfi, \u00e9s bemutatkozott. &#8222;Topolai szerb vagyok, \u00e9s (Josip Broz) Tito partiz\u00e1njaihoz tartozom. Most j\u00f6ttem Szegedr\u0151l, \u00e9s egy \u00fczletet szeretn\u00e9k aj\u00e1nlani \u00f6nnek a beb\u00f6rt\u00f6nz\u00f6tt bar\u00e1tja szabadon bocs\u00e1t\u00e1s\u00e1\u00e9rt. A Gestap\u00f3nak dolgozom, hogy elnyerjem a bizalmukat&#8221;.<\/p>\n<p>&#8222;Hogyan b\u00edzhatn\u00e1nk meg benned?&#8221; &#8211; k\u00e9rdezte Rafi.<\/p>\n<p>&#8222;Meg kell b\u00edznotok bennem. Ez az egyetlen es\u00e9lyetek a kiszabad\u00edt\u00e1s\u00e1ra. Rossz \u00e1llapotban van, \u00e9s minden nap sorsd\u00f6nt\u0151 lehet. Sietnetek kell.&#8221;<\/p>\n<p>&#8222;Mennyi p\u00e9nzre van sz\u00fcks\u00e9ged?&#8221; &#8211; k\u00e9rdezte Mimish.<\/p>\n<p>&#8222;P\u00e9nzre van sz\u00fcks\u00e9gem, \u00e9s egy l\u00e1nyra, aki csatlakozik hozz\u00e1m, akit \u00fagy fogok bemutatni, mint a s\u00f3gorn\u0151met, aki szobal\u00e1nyt keres.&#8221;<\/p>\n<p>Rafi, Mimish \u00e9s Pil megbesz\u00e9ltek egy tal\u00e1lkoz\u00f3t a f\u00e9rfival egy Kiraly utcai k\u00e1v\u00e9z\u00f3ban. &#8222;Tzipi a legjobb erre a c\u00e9lra&#8221; &#8211; mondta Rafi. &#8222;Mer\u00e9sz, tud n\u00e9met\u00fcl, \u00e9s nagyon csinos, \u00e9s nincs k\u00e9ts\u00e9gem afel\u0151l, hogy bele fog egyezni.&#8221; Efra Agmon els\u00e1padt. Tzipi volt a legkedvesebb bar\u00e1tja, k\u00e9s\u0151bb pedig a feles\u00e9ge. Most Efr\u00e1n volt a sor, hogy agg\u00f3djon. Mindezt azut\u00e1n, hogy Tamar, Rafi bar\u00e1tn\u0151je &#8211; aki k\u00e9s\u0151bb a feles\u00e9ge lett &#8211; n\u00e9h\u00e1ny nappal azel\u0151tt t\u00e9rt haza egy nagyv\u00e1radi &#8222;tiyul&#8221;-r\u00f3l. (Tiyulnak nevezt\u00e9k azokat az utaz\u00e1sokat, amelyek sor\u00e1n zsid\u00f3kat csemp\u00e9sztek \u00e1t a rom\u00e1n hat\u00e1ron).<\/p>\n<p>&#8222;Mit gondolsz?&#8221; Pil megk\u00e9rdezte Mimish-t.<\/p>\n<p>&#8222;Nem tudom, megkock\u00e1ztassuk-e, hogy elk\u00fcldj\u00fck Tzipit&#8221;.<\/p>\n<p>&#8222;\u00c9s mi van Milan szavahihet\u0151s\u00e9g\u00e9vel?&#8221; &#8211; folytatta Pil.<\/p>\n<p>&#8222;Az a benyom\u00e1som, hogy igazat mond&#8221; &#8211; mondta Efra.<\/p>\n<p>&#8222;Besz\u00e9lek Tzipivel&#8221; &#8211; mondta Rafi,&#8230; akinek a bar\u00e1tn\u0151je nem habozott igent mondani a k\u00fcldet\u00e9sre.<\/p>\n<p>Milan \u00e9s Tzipi egy\u00fctt \u00e9rkeztek a szegedi b\u00f6rt\u00f6nbe. Mint &#8222;Milan s\u00f3gorn\u0151je&#8221;, elmagyar\u00e1zta a Gestapo-tisztnek, hogy nagyon sz\u00fcks\u00e9ge van egy szobal\u00e1nyra. &#8222;Az a zsid\u00f3 diszn\u00f3, aki szobal\u00e1ny akar lenni, \u00e1lljon fel!&#8221; Kiab\u00e1lt a magyar b\u00f6rt\u00f6n\u0151r. T\u00edz n\u0151 fek\u00fcdt a f\u00f6ld\u00f6n, mindannyian a felismerhetetlens\u00e9gig megvert\u00e9k \u0151ket. Tzipi fel\u00e9j\u00fck n\u00e9zett, \u00e9s hirtelen a tekintete megakadt egy sarokban \u00f6sszeg\u00f6rnyed\u0151 n\u0151n. &#8222;Judit&#8221; &#8211; Juca teljes neve &#8211; hagyta el Tzipi ajk\u00e1t. Milan szorosan megszor\u00edtotta a karj\u00e1t.<\/p>\n<p>&#8222;Bitte (tess\u00e9k)?&#8221; &#8211; fordult hozz\u00e1 a n\u00e9met, felh\u00fazott szem\u00f6ld\u00f6kkel.<\/p>\n<p>&#8222;Pr\u00f3b\u00e1lom kital\u00e1lni, hogy melyiket v\u00e1lasszam, de azt hiszem, megtal\u00e1ltam a megfelel\u0151 n\u0151t&#8221; &#8211; magyar\u00e1zta a n\u00e9metnek, aki \u00f6sszecsattogtatta a csizm\u00e1ja sark\u00e1t. &#8222;Az ott &#8211; mondta Tzipi, \u00e9s Juca fel\u00e9 mutatott. Tzipi odas\u00e9t\u00e1lt hozz\u00e1, \u00e9s meg\u00e1llt el\u0151tte. Juca felismerte \u0151t.<\/p>\n<p>&#8222;Vannak n\u00e1la er\u0151sebbek is &#8211; mondta a b\u00f6rt\u00f6n\u0151r.<\/p>\n<p>Juca fel\u00e1llt, \u00e9s magas termete bizony\u00edtotta erej\u00e9t. &#8222;Megteszi &#8211; mondta Tzipi.<\/p>\n<p>&#8222;Kifel\u00e9, zsid\u00f3 diszn\u00f3&#8221; &#8211; ki\u00e1ltotta a b\u00f6rt\u00f6n\u0151r, \u00e9s Milan gyorsan h\u00e1tba r\u00fagta. &#8222;Mozg\u00e1s!&#8221;<\/p>\n<p>Amikor el\u00e9rt\u00e9k Milan lak\u00e1s\u00e1t, a k\u00e9t n\u0151 \u00e1t\u00f6lelte egym\u00e1st, \u00e9s a f\u00e1jdalom \u00e9s az \u00f6r\u00f6m k\u00f6nnyeit s\u00edrt\u00e1k.<\/p>\n<p>&#8222;Bocs\u00e1ss meg, hogy bel\u00e9d r\u00fagtam&#8221; &#8211; mondta Milan. &#8222;K\u00f6sz\u00f6n\u00f6m&#8221; &#8211; felelte Juca.<\/p>\n<p>Mimish \u00e9s Juca megmenek\u00fcltek a Gestapo hal\u00e1los t\u00f6ml\u00f6c\u00e9b\u0151l, \u00e9s Mimish agg\u00f3dva v\u00e1rta, hogy Juca fel\u00e9p\u00fclj\u00f6n az elszenvedett brut\u00e1lis ver\u00e9sb\u0151l.<\/p>\n<p>&#8222;Nem sokkal k\u00e9s\u0151bb &#8211; mes\u00e9lte k\u00e9s\u0151bb Rafi &#8211; \u00f6r\u00f6mmel hallottuk, hogy egy kis Mimish sz\u00fcletett, \u00e9s szem\u00e9rmetlen\u00fcl rugdosta Juca-t &#8211; ez\u00fattal bel\u00fclr\u0151l&#8221;.<\/p>\n","protected":false},"excerpt":{"rendered":"<p>&#8222;Mimish&#8221; (Yitzchak Herbst) Mr. Undergroundk\u00e9nt volt ismert. B\u00e1tor \u00e9s f\u00fcrge volt, \u00e9s nagyon tal\u00e1l\u00e9kony. Azt is tudta, hogyan kell \u00e1lc\u00e1zni mag\u00e1t \u00e9s elvegy\u00fclni a nem zsid\u00f3k k\u00f6z\u00f6tt, \u00e9s sz\u00e1mos akci\u00f3t v\u00e1llalt a magyarorsz\u00e1gi zsid\u00f3k megment\u00e9s\u00e9re. Egy ponton \u00fagy d\u00f6nt\u00f6tt, hogy feles\u00e9g\u00e9vel, Juc\u00e1val egy\u00fctt megpr\u00f3b\u00e1l alij\u00e1zni Eretz Izraelbe. A h\u00e1zasp\u00e1r 1944 j\u00fanius\u00e1ban egy bar\u00e1tj\u00e1val egy\u00fctt vonatra [&hellip;]<\/p>\n","protected":false},"author":3,"featured_media":0,"parent":4487,"menu_order":3,"comment_status":"closed","ping_status":"closed","template":"","meta":{"_acf_changed":false,"footnotes":""},"class_list":["post-4733","page","type-page","status-publish","hentry"],"acf":[],"yoast_head":"<!-- This site is optimized with the Yoast SEO plugin v27.4 - https:\/\/yoast.com\/product\/yoast-seo-wordpress\/ -->\n<title>Juca megment\u00e9se (Judith Herbst) - \u05d4\u05e2\u05de\u05d5\u05ea\u05d4 \u05dc\u05d7\u05e7\u05e8 \u05ea\u05e0\u05d5\u05e2\u05d5\u05ea \u05d4\u05e0\u05d5\u05e2\u05e8 \u05d4\u05e6\u05d9\u05d5\u05e0\u05d9\u05d5\u05ea \u05d1\u05d4\u05d5\u05e0\u05d2\u05e8\u05d9\u05d4<\/title>\n<meta name=\"robots\" content=\"index, follow, max-snippet:-1, max-image-preview:large, max-video-preview:-1\" \/>\n<link rel=\"canonical\" href=\"https:\/\/machteret1944.org\/hu\/mentoakciok\/juca-megmentese\/\" \/>\n<meta property=\"og:locale\" content=\"hu_HU\" \/>\n<meta property=\"og:type\" content=\"article\" \/>\n<meta property=\"og:title\" content=\"Juca megment\u00e9se (Judith Herbst) - \u05d4\u05e2\u05de\u05d5\u05ea\u05d4 \u05dc\u05d7\u05e7\u05e8 \u05ea\u05e0\u05d5\u05e2\u05d5\u05ea \u05d4\u05e0\u05d5\u05e2\u05e8 \u05d4\u05e6\u05d9\u05d5\u05e0\u05d9\u05d5\u05ea \u05d1\u05d4\u05d5\u05e0\u05d2\u05e8\u05d9\u05d4\" \/>\n<meta property=\"og:description\" content=\"&#8222;Mimish&#8221; (Yitzchak Herbst) Mr. Undergroundk\u00e9nt volt ismert. B\u00e1tor \u00e9s f\u00fcrge volt, \u00e9s nagyon tal\u00e1l\u00e9kony. Azt is tudta, hogyan kell \u00e1lc\u00e1zni mag\u00e1t \u00e9s elvegy\u00fclni a nem zsid\u00f3k k\u00f6z\u00f6tt, \u00e9s sz\u00e1mos akci\u00f3t v\u00e1llalt a magyarorsz\u00e1gi zsid\u00f3k megment\u00e9s\u00e9re. Egy ponton \u00fagy d\u00f6nt\u00f6tt, hogy feles\u00e9g\u00e9vel, Juc\u00e1val egy\u00fctt megpr\u00f3b\u00e1l alij\u00e1zni Eretz Izraelbe. A h\u00e1zasp\u00e1r 1944 j\u00fanius\u00e1ban egy bar\u00e1tj\u00e1val egy\u00fctt vonatra [&hellip;]\" \/>\n<meta property=\"og:url\" content=\"https:\/\/machteret1944.org\/hu\/mentoakciok\/juca-megmentese\/\" \/>\n<meta property=\"og:site_name\" content=\"\u05d4\u05e2\u05de\u05d5\u05ea\u05d4 \u05dc\u05d7\u05e7\u05e8 \u05ea\u05e0\u05d5\u05e2\u05d5\u05ea \u05d4\u05e0\u05d5\u05e2\u05e8 \u05d4\u05e6\u05d9\u05d5\u05e0\u05d9\u05d5\u05ea \u05d1\u05d4\u05d5\u05e0\u05d2\u05e8\u05d9\u05d4\" \/>\n<meta property=\"article:modified_time\" content=\"2024-02-05T14:44:39+00:00\" \/>\n<meta name=\"twitter:card\" content=\"summary_large_image\" \/>\n<meta name=\"twitter:label1\" content=\"Becs\u00fclt olvas\u00e1si id\u0151\" \/>\n\t<meta name=\"twitter:data1\" content=\"7 perc\" \/>\n<script type=\"application\/ld+json\" class=\"yoast-schema-graph\">{\"@context\":\"https:\\\/\\\/schema.org\",\"@graph\":[{\"@type\":\"WebPage\",\"@id\":\"https:\\\/\\\/machteret1944.org\\\/hu\\\/mentoakciok\\\/juca-megmentese\\\/\",\"url\":\"https:\\\/\\\/machteret1944.org\\\/hu\\\/mentoakciok\\\/juca-megmentese\\\/\",\"name\":\"Juca megment\u00e9se (Judith Herbst) - \u05d4\u05e2\u05de\u05d5\u05ea\u05d4 \u05dc\u05d7\u05e7\u05e8 \u05ea\u05e0\u05d5\u05e2\u05d5\u05ea \u05d4\u05e0\u05d5\u05e2\u05e8 \u05d4\u05e6\u05d9\u05d5\u05e0\u05d9\u05d5\u05ea \u05d1\u05d4\u05d5\u05e0\u05d2\u05e8\u05d9\u05d4\",\"isPartOf\":{\"@id\":\"https:\\\/\\\/machteret1944.org\\\/hu\\\/#website\"},\"datePublished\":\"2021-02-03T08:50:41+00:00\",\"dateModified\":\"2024-02-05T14:44:39+00:00\",\"breadcrumb\":{\"@id\":\"https:\\\/\\\/machteret1944.org\\\/hu\\\/mentoakciok\\\/juca-megmentese\\\/#breadcrumb\"},\"inLanguage\":\"hu\",\"potentialAction\":[{\"@type\":\"ReadAction\",\"target\":[\"https:\\\/\\\/machteret1944.org\\\/hu\\\/mentoakciok\\\/juca-megmentese\\\/\"]}]},{\"@type\":\"BreadcrumbList\",\"@id\":\"https:\\\/\\\/machteret1944.org\\\/hu\\\/mentoakciok\\\/juca-megmentese\\\/#breadcrumb\",\"itemListElement\":[{\"@type\":\"ListItem\",\"position\":1,\"name\":\"Kezd\u0151lap\",\"item\":\"https:\\\/\\\/machteret1944.org\\\/hu\\\/\"},{\"@type\":\"ListItem\",\"position\":2,\"name\":\"Ment\u0151akci\u00f3k\",\"item\":\"https:\\\/\\\/machteret1944.org\\\/hu\\\/mentoakciok\\\/\"},{\"@type\":\"ListItem\",\"position\":3,\"name\":\"Juca megment\u00e9se (Judith Herbst)\"}]},{\"@type\":\"WebSite\",\"@id\":\"https:\\\/\\\/machteret1944.org\\\/hu\\\/#website\",\"url\":\"https:\\\/\\\/machteret1944.org\\\/hu\\\/\",\"name\":\"\u05d4\u05e2\u05de\u05d5\u05ea\u05d4 \u05dc\u05d7\u05e7\u05e8 \u05ea\u05e0\u05d5\u05e2\u05d5\u05ea \u05d4\u05e0\u05d5\u05e2\u05e8 \u05d4\u05e6\u05d9\u05d5\u05e0\u05d9\u05d5\u05ea \u05d1\u05d4\u05d5\u05e0\u05d2\u05e8\u05d9\u05d4\",\"description\":\"\u05d4\u05e2\u05de\u05d5\u05ea\u05d4 \u05dc\u05d7\u05e7\u05e8 \u05ea\u05e0\u05d5\u05e2\u05d5\u05ea \u05d4\u05e0\u05d5\u05e2\u05e8 \u05d4\u05e6\u05d9\u05d5\u05e0\u05d9\u05d5\u05ea \u05d1\u05d4\u05d5\u05e0\u05d2\u05e8\u05d9\u05d4\",\"publisher\":{\"@id\":\"https:\\\/\\\/machteret1944.org\\\/hu\\\/#organization\"},\"potentialAction\":[{\"@type\":\"SearchAction\",\"target\":{\"@type\":\"EntryPoint\",\"urlTemplate\":\"https:\\\/\\\/machteret1944.org\\\/hu\\\/?s={search_term_string}\"},\"query-input\":{\"@type\":\"PropertyValueSpecification\",\"valueRequired\":true,\"valueName\":\"search_term_string\"}}],\"inLanguage\":\"hu\"},{\"@type\":\"Organization\",\"@id\":\"https:\\\/\\\/machteret1944.org\\\/hu\\\/#organization\",\"name\":\"\u05d4\u05e2\u05de\u05d5\u05ea\u05d4 \u05dc\u05d7\u05e7\u05e8 \u05ea\u05e0\u05d5\u05e2\u05d5\u05ea \u05d4\u05e0\u05d5\u05e2\u05e8 \u05d4\u05e6\u05d9\u05d5\u05e0\u05d9\u05d5\u05ea \u05d1\u05d4\u05d5\u05e0\u05d2\u05e8\u05d9\u05d4\",\"url\":\"https:\\\/\\\/machteret1944.org\\\/hu\\\/\",\"logo\":{\"@type\":\"ImageObject\",\"inLanguage\":\"hu\",\"@id\":\"https:\\\/\\\/machteret1944.org\\\/hu\\\/#\\\/schema\\\/logo\\\/image\\\/\",\"url\":\"https:\\\/\\\/machteret1944.org\\\/wp-content\\\/uploads\\\/2020\\\/12\\\/\u05dc\u05d5\u05d2\u05d5-\u05dc\u05e2\u05de\u05d5\u05ea\u05d4.png\",\"contentUrl\":\"https:\\\/\\\/machteret1944.org\\\/wp-content\\\/uploads\\\/2020\\\/12\\\/\u05dc\u05d5\u05d2\u05d5-\u05dc\u05e2\u05de\u05d5\u05ea\u05d4.png\",\"width\":841,\"height\":290,\"caption\":\"\u05d4\u05e2\u05de\u05d5\u05ea\u05d4 \u05dc\u05d7\u05e7\u05e8 \u05ea\u05e0\u05d5\u05e2\u05d5\u05ea \u05d4\u05e0\u05d5\u05e2\u05e8 \u05d4\u05e6\u05d9\u05d5\u05e0\u05d9\u05d5\u05ea \u05d1\u05d4\u05d5\u05e0\u05d2\u05e8\u05d9\u05d4\"},\"image\":{\"@id\":\"https:\\\/\\\/machteret1944.org\\\/hu\\\/#\\\/schema\\\/logo\\\/image\\\/\"}}]}<\/script>\n<!-- \/ Yoast SEO plugin. -->","yoast_head_json":{"title":"Juca megment\u00e9se (Judith Herbst) - \u05d4\u05e2\u05de\u05d5\u05ea\u05d4 \u05dc\u05d7\u05e7\u05e8 \u05ea\u05e0\u05d5\u05e2\u05d5\u05ea \u05d4\u05e0\u05d5\u05e2\u05e8 \u05d4\u05e6\u05d9\u05d5\u05e0\u05d9\u05d5\u05ea \u05d1\u05d4\u05d5\u05e0\u05d2\u05e8\u05d9\u05d4","robots":{"index":"index","follow":"follow","max-snippet":"max-snippet:-1","max-image-preview":"max-image-preview:large","max-video-preview":"max-video-preview:-1"},"canonical":"https:\/\/machteret1944.org\/hu\/mentoakciok\/juca-megmentese\/","og_locale":"hu_HU","og_type":"article","og_title":"Juca megment\u00e9se (Judith Herbst) - \u05d4\u05e2\u05de\u05d5\u05ea\u05d4 \u05dc\u05d7\u05e7\u05e8 \u05ea\u05e0\u05d5\u05e2\u05d5\u05ea \u05d4\u05e0\u05d5\u05e2\u05e8 \u05d4\u05e6\u05d9\u05d5\u05e0\u05d9\u05d5\u05ea \u05d1\u05d4\u05d5\u05e0\u05d2\u05e8\u05d9\u05d4","og_description":"&#8222;Mimish&#8221; (Yitzchak Herbst) Mr. Undergroundk\u00e9nt volt ismert. B\u00e1tor \u00e9s f\u00fcrge volt, \u00e9s nagyon tal\u00e1l\u00e9kony. Azt is tudta, hogyan kell \u00e1lc\u00e1zni mag\u00e1t \u00e9s elvegy\u00fclni a nem zsid\u00f3k k\u00f6z\u00f6tt, \u00e9s sz\u00e1mos akci\u00f3t v\u00e1llalt a magyarorsz\u00e1gi zsid\u00f3k megment\u00e9s\u00e9re. Egy ponton \u00fagy d\u00f6nt\u00f6tt, hogy feles\u00e9g\u00e9vel, Juc\u00e1val egy\u00fctt megpr\u00f3b\u00e1l alij\u00e1zni Eretz Izraelbe. A h\u00e1zasp\u00e1r 1944 j\u00fanius\u00e1ban egy bar\u00e1tj\u00e1val egy\u00fctt vonatra [&hellip;]","og_url":"https:\/\/machteret1944.org\/hu\/mentoakciok\/juca-megmentese\/","og_site_name":"\u05d4\u05e2\u05de\u05d5\u05ea\u05d4 \u05dc\u05d7\u05e7\u05e8 \u05ea\u05e0\u05d5\u05e2\u05d5\u05ea \u05d4\u05e0\u05d5\u05e2\u05e8 \u05d4\u05e6\u05d9\u05d5\u05e0\u05d9\u05d5\u05ea \u05d1\u05d4\u05d5\u05e0\u05d2\u05e8\u05d9\u05d4","article_modified_time":"2024-02-05T14:44:39+00:00","twitter_card":"summary_large_image","twitter_misc":{"Becs\u00fclt olvas\u00e1si id\u0151":"7 perc"},"schema":{"@context":"https:\/\/schema.org","@graph":[{"@type":"WebPage","@id":"https:\/\/machteret1944.org\/hu\/mentoakciok\/juca-megmentese\/","url":"https:\/\/machteret1944.org\/hu\/mentoakciok\/juca-megmentese\/","name":"Juca megment\u00e9se (Judith Herbst) - \u05d4\u05e2\u05de\u05d5\u05ea\u05d4 \u05dc\u05d7\u05e7\u05e8 \u05ea\u05e0\u05d5\u05e2\u05d5\u05ea \u05d4\u05e0\u05d5\u05e2\u05e8 \u05d4\u05e6\u05d9\u05d5\u05e0\u05d9\u05d5\u05ea \u05d1\u05d4\u05d5\u05e0\u05d2\u05e8\u05d9\u05d4","isPartOf":{"@id":"https:\/\/machteret1944.org\/hu\/#website"},"datePublished":"2021-02-03T08:50:41+00:00","dateModified":"2024-02-05T14:44:39+00:00","breadcrumb":{"@id":"https:\/\/machteret1944.org\/hu\/mentoakciok\/juca-megmentese\/#breadcrumb"},"inLanguage":"hu","potentialAction":[{"@type":"ReadAction","target":["https:\/\/machteret1944.org\/hu\/mentoakciok\/juca-megmentese\/"]}]},{"@type":"BreadcrumbList","@id":"https:\/\/machteret1944.org\/hu\/mentoakciok\/juca-megmentese\/#breadcrumb","itemListElement":[{"@type":"ListItem","position":1,"name":"Kezd\u0151lap","item":"https:\/\/machteret1944.org\/hu\/"},{"@type":"ListItem","position":2,"name":"Ment\u0151akci\u00f3k","item":"https:\/\/machteret1944.org\/hu\/mentoakciok\/"},{"@type":"ListItem","position":3,"name":"Juca megment\u00e9se (Judith Herbst)"}]},{"@type":"WebSite","@id":"https:\/\/machteret1944.org\/hu\/#website","url":"https:\/\/machteret1944.org\/hu\/","name":"\u05d4\u05e2\u05de\u05d5\u05ea\u05d4 \u05dc\u05d7\u05e7\u05e8 \u05ea\u05e0\u05d5\u05e2\u05d5\u05ea \u05d4\u05e0\u05d5\u05e2\u05e8 \u05d4\u05e6\u05d9\u05d5\u05e0\u05d9\u05d5\u05ea \u05d1\u05d4\u05d5\u05e0\u05d2\u05e8\u05d9\u05d4","description":"\u05d4\u05e2\u05de\u05d5\u05ea\u05d4 \u05dc\u05d7\u05e7\u05e8 \u05ea\u05e0\u05d5\u05e2\u05d5\u05ea \u05d4\u05e0\u05d5\u05e2\u05e8 \u05d4\u05e6\u05d9\u05d5\u05e0\u05d9\u05d5\u05ea \u05d1\u05d4\u05d5\u05e0\u05d2\u05e8\u05d9\u05d4","publisher":{"@id":"https:\/\/machteret1944.org\/hu\/#organization"},"potentialAction":[{"@type":"SearchAction","target":{"@type":"EntryPoint","urlTemplate":"https:\/\/machteret1944.org\/hu\/?s={search_term_string}"},"query-input":{"@type":"PropertyValueSpecification","valueRequired":true,"valueName":"search_term_string"}}],"inLanguage":"hu"},{"@type":"Organization","@id":"https:\/\/machteret1944.org\/hu\/#organization","name":"\u05d4\u05e2\u05de\u05d5\u05ea\u05d4 \u05dc\u05d7\u05e7\u05e8 \u05ea\u05e0\u05d5\u05e2\u05d5\u05ea \u05d4\u05e0\u05d5\u05e2\u05e8 \u05d4\u05e6\u05d9\u05d5\u05e0\u05d9\u05d5\u05ea \u05d1\u05d4\u05d5\u05e0\u05d2\u05e8\u05d9\u05d4","url":"https:\/\/machteret1944.org\/hu\/","logo":{"@type":"ImageObject","inLanguage":"hu","@id":"https:\/\/machteret1944.org\/hu\/#\/schema\/logo\/image\/","url":"https:\/\/machteret1944.org\/wp-content\/uploads\/2020\/12\/\u05dc\u05d5\u05d2\u05d5-\u05dc\u05e2\u05de\u05d5\u05ea\u05d4.png","contentUrl":"https:\/\/machteret1944.org\/wp-content\/uploads\/2020\/12\/\u05dc\u05d5\u05d2\u05d5-\u05dc\u05e2\u05de\u05d5\u05ea\u05d4.png","width":841,"height":290,"caption":"\u05d4\u05e2\u05de\u05d5\u05ea\u05d4 \u05dc\u05d7\u05e7\u05e8 \u05ea\u05e0\u05d5\u05e2\u05d5\u05ea \u05d4\u05e0\u05d5\u05e2\u05e8 \u05d4\u05e6\u05d9\u05d5\u05e0\u05d9\u05d5\u05ea \u05d1\u05d4\u05d5\u05e0\u05d2\u05e8\u05d9\u05d4"},"image":{"@id":"https:\/\/machteret1944.org\/hu\/#\/schema\/logo\/image\/"}}]}},"_links":{"self":[{"href":"https:\/\/machteret1944.org\/hu\/wp-json\/wp\/v2\/pages\/4733","targetHints":{"allow":["GET"]}}],"collection":[{"href":"https:\/\/machteret1944.org\/hu\/wp-json\/wp\/v2\/pages"}],"about":[{"href":"https:\/\/machteret1944.org\/hu\/wp-json\/wp\/v2\/types\/page"}],"author":[{"embeddable":true,"href":"https:\/\/machteret1944.org\/hu\/wp-json\/wp\/v2\/users\/3"}],"replies":[{"embeddable":true,"href":"https:\/\/machteret1944.org\/hu\/wp-json\/wp\/v2\/comments?post=4733"}],"version-history":[{"count":1,"href":"https:\/\/machteret1944.org\/hu\/wp-json\/wp\/v2\/pages\/4733\/revisions"}],"predecessor-version":[{"id":4734,"href":"https:\/\/machteret1944.org\/hu\/wp-json\/wp\/v2\/pages\/4733\/revisions\/4734"}],"up":[{"embeddable":true,"href":"https:\/\/machteret1944.org\/hu\/wp-json\/wp\/v2\/pages\/4487"}],"wp:attachment":[{"href":"https:\/\/machteret1944.org\/hu\/wp-json\/wp\/v2\/media?parent=4733"}],"curies":[{"name":"wp","href":"https:\/\/api.w.org\/{rel}","templated":true}]}}