{"id":4762,"date":"2021-02-07T12:27:53","date_gmt":"2021-02-07T12:27:53","guid":{"rendered":"https:\/\/machteret1944.org\/kuldetesek\/the-names-of-the-emissaries-and-their-destinations-from-19-march-until-30-june-1944\/"},"modified":"2024-02-12T08:12:41","modified_gmt":"2024-02-12T08:12:41","slug":"a-kuldottek-neve-es-rendeltetesi-helye-1944-marcius-19-tol-junius-30-ig","status":"publish","type":"page","link":"https:\/\/machteret1944.org\/hu\/kuldetesek\/a-kuldottek-neve-es-rendeltetesi-helye-1944-marcius-19-tol-junius-30-ig\/","title":{"rendered":"A k\u00fcld\u00f6ttek neve \u00e9s rendeltet\u00e9si helye 1944. m\u00e1rcius 19-t\u0151l j\u00fanius 30-ig."},"content":{"rendered":"<ol>\n<li><strong>Eliezer Even<\/strong><\/li>\n<\/ol>\n<p>Sz\u00e9kesfeh\u00e9rv\u00e1r<\/p>\n<ol start=\"2\">\n<li><strong>Betzalel Adler<\/strong><\/li>\n<\/ol>\n<p>Kassa \u00e9s Ungv\u00e1r<\/p>\n<ol start=\"3\">\n<li><strong>Nesher Adler<\/strong><\/li>\n<\/ol>\n<p>\u00c9rsek\u00fajv\u00e1r<\/p>\n<ol start=\"4\">\n<li><strong>Ephraim Agmon<\/strong><\/li>\n<\/ol>\n<p>k\u00e9tszer M\u00e1t\u00e9szalka \u00e9s Munk\u00e1cs; a tatai \u00e9s p\u00e9csi k\u00e9nyszermunkat\u00e1bor; (k\u00e9tszer a s\u00e1rv\u00e1ri \u00e9s kistarcsai m\u00e1t\u00e9szalkai \u00e9s munk\u00e1csi intern\u00e1l\u00f3t\u00e1bor)<\/p>\n<p>&nbsp;<\/p>\n<ol start=\"5\">\n<li><strong>Tzipi Agmon<\/strong><\/li>\n<\/ol>\n<p>A szegedi Gestapo b\u00f6rt\u00f6n; a moh\u00e1csi munkat\u00e1bor<\/p>\n<ol start=\"6\">\n<li><strong>Hanna Oren (Ac<\/strong><strong>\u00e9zl)<\/strong><\/li>\n<\/ol>\n<p>Vid\u00e9ki v\u00e1rosok szerte Magyarorsz\u00e1gon<\/p>\n<ol start=\"7\">\n<li><strong>Robert Offner<\/strong><\/li>\n<\/ol>\n<p>Sopron \u00e9s Szombathely<\/p>\n<ol start=\"8\">\n<li><strong>Baruch Eisinger<\/strong><\/li>\n<\/ol>\n<p>A v\u00e1rpalotai munkat\u00e1bor<\/p>\n<ol start=\"9\">\n<li><strong>The wife of a railway worker<\/strong><\/li>\n<\/ol>\n<p>Miskolc<\/p>\n<ol start=\"10\">\n<li><strong>N\u00e9vtelen<\/strong><\/li>\n<\/ol>\n<p>Miskolc<\/p>\n<ol start=\"11\">\n<li><strong>N\u00e9vtelen<\/strong><\/li>\n<\/ol>\n<p>Csenger<\/p>\n<ol start=\"12\">\n<li><strong>N\u00e9vtelen<\/strong><\/li>\n<\/ol>\n<p>Rafi Benshalom k\u00fcld\u00f6tte Kass\u00e1ra<\/p>\n<ol start=\"13\">\n<li><strong>N\u00e9vtelen<\/strong><\/li>\n<\/ol>\n<p>Munkat\u00e1bor &#8211; val\u00f3sz\u00edn\u0171leg P\u00e9cs<\/p>\n<ol start=\"14\">\n<li><strong>N\u00e9vtelen<\/strong><\/li>\n<\/ol>\n<p>Kolozsv\u00e1r<\/p>\n<ol start=\"15\">\n<li><strong>N\u00e9vtelen (probably Tzipi Agmon)<\/strong><\/li>\n<\/ol>\n<p>Kom\u00e1rom<\/p>\n<ol start=\"16\">\n<li><strong>Zehava Arieli<\/strong><\/li>\n<\/ol>\n<p>Kassa<\/p>\n<ol start=\"17\">\n<li><strong>Asher Ar\u00e1nyi<\/strong><\/li>\n<\/ol>\n<p>B\u00e9k\u00e9scsaba, Kassa, Bongur, Kiskunhalas \u00e9s D\u00e9s<\/p>\n<ol start=\"18\">\n<li><strong>Menahem Baumgarten<\/strong><\/li>\n<\/ol>\n<p>Huszt<\/p>\n<ol start=\"19\">\n<li><strong>Adonyahu Billitzer<\/strong><br \/>\nDebrecen h\u00e1rom alkalommal<\/li>\n<li><strong>Pnina Blum (Kaufman)\n<p><\/strong><\/li>\n<li><strong>Tamar Benshalom<\/strong><\/li>\n<\/ol>\n<p>Kassa \u00e9s a Strasshof-i \u00e9s b\u00e1cstopolyai t\u00e1borok<\/p>\n<ol start=\"22\">\n<li><strong>Shoshana Barzel (Steiner)<\/strong><\/li>\n<\/ol>\n<p>A V\u00e1c melletti munkat\u00e1borba, valamint Nagysur\u00e1ny (k\u00e9tszer) \u00e9s \u00c9rsek\u00fajv\u00e1r.<\/p>\n<ol start=\"23\">\n<li><strong>Dov Broshi<\/strong><\/li>\n<\/ol>\n<p>Sz\u00e9kesfeh\u00e9rv\u00e1r k\u00f6rny\u00e9ki munkat\u00e1borok<\/p>\n<ol start=\"24\">\n<li><strong>Judith Barak\n<p><\/strong><\/li>\n<li><strong>Haim Golan (Fettmann)<br \/>\n<\/strong>Debrecen \u00e9s Ny\u00edrb\u00e1tor<\/li>\n<li><strong>Moshe Golan (Miki Gottesman)<\/strong><\/li>\n<\/ol>\n<p>Munk\u00e1cs<\/p>\n<ol start=\"27\">\n<li><strong>Joseph G\u00e1rdos<\/strong><\/li>\n<\/ol>\n<p>Munk\u00e1cs \u00e9s Huszt<\/p>\n<ol start=\"28\">\n<li><strong>Lea G\u00e1rdos<\/strong><\/li>\n<\/ol>\n<p>Debrecen<\/p>\n<ol start=\"29\">\n<li><strong>S\u00e1ndor Gr\u00f3zinger <\/strong><\/li>\n<\/ol>\n<p>Karcag (k\u00e9t alkalommal)<\/p>\n<ol start=\"30\">\n<li><strong>David Gr\u00fcnwald<\/strong><\/li>\n<\/ol>\n<p>Ny\u00edregyh\u00e1za \u00e9s Vencsell\u0151<\/p>\n<ol start=\"31\">\n<li><strong>Hanna Gr\u00fcnfeld<\/strong><strong> (Ganz)<\/strong><\/li>\n<\/ol>\n<p>Kolozsv\u00e1r<\/p>\n<ol start=\"32\">\n<li><strong>Imre Heffner<\/strong><\/li>\n<\/ol>\n<p>A miskolci gett\u00f3<\/p>\n<ol start=\"33\">\n<li><strong>Giora Vago<\/strong><\/li>\n<\/ol>\n<p>Debrecen<\/p>\n<ol start=\"34\">\n<li><strong>Yaakov Weisz<\/strong><\/li>\n<\/ol>\n<p>Kassa (h\u00e1rom alkalommal) \u00e9s Munk\u00e1cs<\/p>\n<ol start=\"35\">\n<li><strong>Mordi Weisz<\/strong><\/li>\n<\/ol>\n<p>Nagyv\u00e1rad<\/p>\n<ol start=\"36\">\n<li><strong>Moshe Weiszkopf<\/strong><\/li>\n<\/ol>\n<p>Miskolc<\/p>\n<ol start=\"37\">\n<li><strong>Ora Wetzler<\/strong><\/li>\n<\/ol>\n<p>A V\u00e1c melletti munkat\u00e1bor<\/p>\n<ol start=\"38\">\n<li><strong>Shlomo Wetzler<\/strong><\/li>\n<\/ol>\n<p>A V\u00e1c melletti munkat\u00e1bor<\/p>\n<ol start=\"39\">\n<li><strong>Esther Vardi (Sechter)<\/strong><\/li>\n<\/ol>\n<p>Kisv\u00e1rda<\/p>\n<ol start=\"40\">\n<li><strong>Menahem Yakobi (Uziel)<\/strong><\/li>\n<\/ol>\n<p>Beregsz\u00e1sz \u00e9s Munk\u00e1cs<\/p>\n<ol start=\"41\">\n<li><strong>Shlom (Salamon) Cohen<\/strong><\/li>\n<\/ol>\n<p>Huszt<\/p>\n<ol start=\"42\">\n<li><strong>Sarah Kohavi (Zsuzsa Mikl\u00f3s<\/strong>)<\/li>\n<\/ol>\n<p>Gy\u0151r, Kassa, Kolozsv\u00e1r \u00e9s Sopron, valamint sz\u00e1mos munkat\u00e1bor<\/p>\n<ol start=\"43\">\n<li><strong>Levi Yehuda<\/strong><\/li>\n<\/ol>\n<p>Erd\u00e9lyi v\u00e1rosok<\/p>\n<ol start=\"44\">\n<li><strong>Simon Levi<\/strong><\/li>\n<\/ol>\n<p>Debrecen \u00e9s Sz\u00e9kesfeh\u00e9rv\u00e1r<\/p>\n<ol start=\"45\">\n<li><strong>Shmuel L\u00f6wenheim<\/strong><\/li>\n<\/ol>\n<p>Bonyh\u00e1d, Nagyv\u00e1rad, Sz\u00e9kesfeh\u00e9rv\u00e1r, V\u00e1c, Vasv\u00e1r \u00e9s V\u00e1s\u00e1rosnam\u00e9ny<\/p>\n<ol start=\"46\">\n<li><strong>Avri Lisszauer<\/strong><\/li>\n<\/ol>\n<p>Miskolc<\/p>\n<ol start=\"47\">\n<li><strong>Judith Makai (Ellenbogen)<\/strong><\/li>\n<\/ol>\n<p>Gy\u0151r, Kom\u00e1rom \u00e9s V\u00e1rpalota<\/p>\n<ol start=\"48\">\n<li><strong>Ephraim Nadav (L\u0151winger)<\/strong><\/li>\n<\/ol>\n<p>Debrecen, Kassa, Kisv\u00e1rda, Miskolc and Ny\u00edregyh\u00e1za<\/p>\n<ol start=\"49\">\n<li><strong>Tzipora Nadav<\/strong><\/li>\n<\/ol>\n<p>Kassa \u00e9s Miskolc<\/p>\n<ol start=\"50\">\n<li><strong>N\u00e9met Shabtai<\/strong><\/li>\n<\/ol>\n<p>Sopron (k\u00e9t alkalommal)<\/p>\n<ol start=\"51\">\n<li><strong>Amy Samet<\/strong><\/li>\n<\/ol>\n<p>Miskolc<\/p>\n<ol start=\"52\">\n<li><strong>Hedva Sz\u00e1nt\u00f3<\/strong><\/li>\n<\/ol>\n<p>Kom\u00e1rom, Moh\u00e1cs \u00e9s P\u00e9cs munkat\u00e1borok<\/p>\n<ol start=\"53\">\n<li><strong>Shmuel Sz\u00e1nt\u00f3<\/strong><\/li>\n<\/ol>\n<p>A bonyh\u00e1di gett\u00f3<\/p>\n<ol start=\"54\">\n<li><strong>Miriam Amir (Spinner)<\/strong><\/li>\n<\/ol>\n<p>A tatai munkat\u00e1bor<\/p>\n<ol start=\"55\">\n<li><strong>Hana Atsmon (Neuwirth)<\/strong><\/li>\n<\/ol>\n<p>A p\u00e9csi munkat\u00e1bor<\/p>\n<ol start=\"56\">\n<li><strong>David Asael<\/strong><\/li>\n<\/ol>\n<p>&nbsp;<\/p>\n<ol start=\"57\">\n<li><strong>Paul Ernst<\/strong><\/li>\n<\/ol>\n<p>A d\u00e9si munkat\u00e1bor<\/p>\n<ol start=\"58\">\n<li><strong>Yeshayahu Fettman<\/strong><\/li>\n<\/ol>\n<p>Debrecen \u00e9s Ny\u00edrb\u00e1tor<\/p>\n<ol start=\"59\">\n<li><strong>Avigdor Friedmann\n<p><\/strong><\/li>\n<li><strong>Tzvi Prizant<\/strong><\/li>\n<\/ol>\n<p>A huszti gett\u00f3 (k\u00e9t alkalommal)<\/p>\n<ol start=\"61\">\n<li><strong>Shmuel Fraenkel<\/strong><\/li>\n<\/ol>\n<p>Kisv\u00e1rda<\/p>\n<ol start=\"62\">\n<li><strong>Menahem Tzvi Kadari<\/strong><\/li>\n<\/ol>\n<p>Kassa, Losonc, Kir\u00e1lyhalma \u00e9s Miskolc<\/p>\n<ol start=\"63\">\n<li><strong>Moshe Kilon<\/strong><\/li>\n<\/ol>\n<p>\u00c9rsek\u00fajv\u00e1r<\/p>\n<ol start=\"64\">\n<li><strong>Miki Kandel<\/strong><\/li>\n<\/ol>\n<p>Sz\u00e9kesfeh\u00e9rv\u00e1r<\/p>\n<ol start=\"65\">\n<li><strong>Kl\u00e1ri Karni (Elfer) <\/strong><\/li>\n<\/ol>\n<p>Zs\u00e1mb\u00e9k<\/p>\n<ol start=\"66\">\n<li><strong>Rab Zadok <\/strong><\/li>\n<\/ol>\n<p>Nagyv\u00e1rad \u00e9s Kolozsv\u00e1r<\/p>\n<ol start=\"67\">\n<li><strong>Moshe Rosenbaum<\/strong><\/li>\n<\/ol>\n<p>K\u00f6k\u00e9nyes<\/p>\n<ol start=\"68\">\n<li><strong>Pinhas Rosenbaum<\/strong><\/li>\n<\/ol>\n<p>Huszt, M\u00e1ramarossziget, Kisv\u00e1rda \u00e9s Ungv\u00e1r<\/p>\n<ol start=\"69\">\n<li><strong>Tzvia, a member of Maccabi Tzair<\/strong><\/li>\n<\/ol>\n<p>Munkat\u00e1borok<\/p>\n<ol start=\"70\">\n<li><strong>Shaul (Sheli) Rosenberg<\/strong><\/li>\n<\/ol>\n<p>Kassa \u00e9s Ungv\u00e1r<\/p>\n<ol start=\"71\">\n<li><strong>Haim (Imka) Rosenzweig<\/strong><\/li>\n<\/ol>\n<p>B\u00e9k\u00e9scsaba, Debrecen \u00e9s a csorb\u00e1si munkat\u00e1bor<\/p>\n<ol start=\"72\">\n<li><strong>Kl\u00e1ri Reich<\/strong><\/li>\n<\/ol>\n<p>A csepeli munkat\u00e1bor<\/p>\n<ol start=\"73\">\n<li><strong>Ezra Reichman<\/strong><\/li>\n<\/ol>\n<p>V\u00e9szt\u0151<\/p>\n<ol start=\"74\">\n<li><strong>Shaye Schwartz<\/strong><\/li>\n<\/ol>\n<p>Munk\u00e1cs<\/p>\n<ol start=\"75\">\n<li><strong>N\u00e9vtelen rend\u0151r, akit Avigdor Friedman k\u00fcld\u00f6tt<\/strong><\/li>\n<\/ol>\n<p>Kassa (h\u00e1rom alkalommal) \u00e9s Gy\u00f6ngy\u00f6s<\/p>\n<ol start=\"76\">\n<li><strong>Betzalel Shayovitz<\/strong><\/li>\n<\/ol>\n<p>Ungv\u00e1r<\/p>\n<ol start=\"77\">\n<li><strong>Lea Spitzer<\/strong><\/li>\n<\/ol>\n<p>Munkat\u00e1borok<\/p>\n<p>&nbsp;<\/p>\n","protected":false},"excerpt":{"rendered":"<p>Eliezer Even Sz\u00e9kesfeh\u00e9rv\u00e1r Betzalel Adler Kassa \u00e9s Ungv\u00e1r Nesher Adler \u00c9rsek\u00fajv\u00e1r Ephraim Agmon k\u00e9tszer M\u00e1t\u00e9szalka \u00e9s Munk\u00e1cs; a tatai \u00e9s p\u00e9csi k\u00e9nyszermunkat\u00e1bor; (k\u00e9tszer a s\u00e1rv\u00e1ri \u00e9s kistarcsai m\u00e1t\u00e9szalkai \u00e9s munk\u00e1csi intern\u00e1l\u00f3t\u00e1bor) &nbsp; Tzipi Agmon A szegedi Gestapo b\u00f6rt\u00f6n; a moh\u00e1csi munkat\u00e1bor Hanna Oren (Ac\u00e9zl) Vid\u00e9ki v\u00e1rosok szerte Magyarorsz\u00e1gon Robert Offner Sopron \u00e9s Szombathely Baruch Eisinger [&hellip;]<\/p>\n","protected":false},"author":2,"featured_media":0,"parent":4702,"menu_order":5,"comment_status":"closed","ping_status":"closed","template":"","meta":{"_acf_changed":false,"footnotes":""},"class_list":["post-4762","page","type-page","status-publish","hentry"],"acf":[],"yoast_head":"<!-- This site is optimized with the Yoast SEO plugin v27.4 - https:\/\/yoast.com\/product\/yoast-seo-wordpress\/ -->\n<title>A k\u00fcld\u00f6ttek neve \u00e9s rendeltet\u00e9si helye 1944. m\u00e1rcius 19-t\u0151l j\u00fanius 30-ig. - \u05d4\u05e2\u05de\u05d5\u05ea\u05d4 \u05dc\u05d7\u05e7\u05e8 \u05ea\u05e0\u05d5\u05e2\u05d5\u05ea \u05d4\u05e0\u05d5\u05e2\u05e8 \u05d4\u05e6\u05d9\u05d5\u05e0\u05d9\u05d5\u05ea \u05d1\u05d4\u05d5\u05e0\u05d2\u05e8\u05d9\u05d4<\/title>\n<meta name=\"robots\" content=\"index, follow, max-snippet:-1, max-image-preview:large, max-video-preview:-1\" \/>\n<link rel=\"canonical\" href=\"https:\/\/machteret1944.org\/hu\/kuldetesek\/a-kuldottek-neve-es-rendeltetesi-helye-1944-marcius-19-tol-junius-30-ig\/\" \/>\n<meta property=\"og:locale\" content=\"hu_HU\" \/>\n<meta property=\"og:type\" content=\"article\" \/>\n<meta property=\"og:title\" content=\"A k\u00fcld\u00f6ttek neve \u00e9s rendeltet\u00e9si helye 1944. m\u00e1rcius 19-t\u0151l j\u00fanius 30-ig. - \u05d4\u05e2\u05de\u05d5\u05ea\u05d4 \u05dc\u05d7\u05e7\u05e8 \u05ea\u05e0\u05d5\u05e2\u05d5\u05ea \u05d4\u05e0\u05d5\u05e2\u05e8 \u05d4\u05e6\u05d9\u05d5\u05e0\u05d9\u05d5\u05ea \u05d1\u05d4\u05d5\u05e0\u05d2\u05e8\u05d9\u05d4\" \/>\n<meta property=\"og:description\" content=\"Eliezer Even Sz\u00e9kesfeh\u00e9rv\u00e1r Betzalel Adler Kassa \u00e9s Ungv\u00e1r Nesher Adler \u00c9rsek\u00fajv\u00e1r Ephraim Agmon k\u00e9tszer M\u00e1t\u00e9szalka \u00e9s Munk\u00e1cs; a tatai \u00e9s p\u00e9csi k\u00e9nyszermunkat\u00e1bor; (k\u00e9tszer a s\u00e1rv\u00e1ri \u00e9s kistarcsai m\u00e1t\u00e9szalkai \u00e9s munk\u00e1csi intern\u00e1l\u00f3t\u00e1bor) &nbsp; Tzipi Agmon A szegedi Gestapo b\u00f6rt\u00f6n; a moh\u00e1csi munkat\u00e1bor Hanna Oren (Ac\u00e9zl) Vid\u00e9ki v\u00e1rosok szerte Magyarorsz\u00e1gon Robert Offner Sopron \u00e9s Szombathely Baruch Eisinger [&hellip;]\" \/>\n<meta property=\"og:url\" content=\"https:\/\/machteret1944.org\/hu\/kuldetesek\/a-kuldottek-neve-es-rendeltetesi-helye-1944-marcius-19-tol-junius-30-ig\/\" \/>\n<meta property=\"og:site_name\" content=\"\u05d4\u05e2\u05de\u05d5\u05ea\u05d4 \u05dc\u05d7\u05e7\u05e8 \u05ea\u05e0\u05d5\u05e2\u05d5\u05ea \u05d4\u05e0\u05d5\u05e2\u05e8 \u05d4\u05e6\u05d9\u05d5\u05e0\u05d9\u05d5\u05ea \u05d1\u05d4\u05d5\u05e0\u05d2\u05e8\u05d9\u05d4\" \/>\n<meta property=\"article:modified_time\" content=\"2024-02-12T08:12:41+00:00\" \/>\n<meta name=\"twitter:card\" content=\"summary_large_image\" \/>\n<meta name=\"twitter:label1\" content=\"Becs\u00fclt olvas\u00e1si id\u0151\" \/>\n\t<meta name=\"twitter:data1\" content=\"3 perc\" \/>\n<script type=\"application\/ld+json\" class=\"yoast-schema-graph\">{\"@context\":\"https:\\\/\\\/schema.org\",\"@graph\":[{\"@type\":\"WebPage\",\"@id\":\"https:\\\/\\\/machteret1944.org\\\/hu\\\/kuldetesek\\\/a-kuldottek-neve-es-rendeltetesi-helye-1944-marcius-19-tol-junius-30-ig\\\/\",\"url\":\"https:\\\/\\\/machteret1944.org\\\/hu\\\/kuldetesek\\\/a-kuldottek-neve-es-rendeltetesi-helye-1944-marcius-19-tol-junius-30-ig\\\/\",\"name\":\"A k\u00fcld\u00f6ttek neve \u00e9s rendeltet\u00e9si helye 1944. m\u00e1rcius 19-t\u0151l j\u00fanius 30-ig. - \u05d4\u05e2\u05de\u05d5\u05ea\u05d4 \u05dc\u05d7\u05e7\u05e8 \u05ea\u05e0\u05d5\u05e2\u05d5\u05ea \u05d4\u05e0\u05d5\u05e2\u05e8 \u05d4\u05e6\u05d9\u05d5\u05e0\u05d9\u05d5\u05ea \u05d1\u05d4\u05d5\u05e0\u05d2\u05e8\u05d9\u05d4\",\"isPartOf\":{\"@id\":\"https:\\\/\\\/machteret1944.org\\\/hu\\\/#website\"},\"datePublished\":\"2021-02-07T12:27:53+00:00\",\"dateModified\":\"2024-02-12T08:12:41+00:00\",\"breadcrumb\":{\"@id\":\"https:\\\/\\\/machteret1944.org\\\/hu\\\/kuldetesek\\\/a-kuldottek-neve-es-rendeltetesi-helye-1944-marcius-19-tol-junius-30-ig\\\/#breadcrumb\"},\"inLanguage\":\"hu\",\"potentialAction\":[{\"@type\":\"ReadAction\",\"target\":[\"https:\\\/\\\/machteret1944.org\\\/hu\\\/kuldetesek\\\/a-kuldottek-neve-es-rendeltetesi-helye-1944-marcius-19-tol-junius-30-ig\\\/\"]}]},{\"@type\":\"BreadcrumbList\",\"@id\":\"https:\\\/\\\/machteret1944.org\\\/hu\\\/kuldetesek\\\/a-kuldottek-neve-es-rendeltetesi-helye-1944-marcius-19-tol-junius-30-ig\\\/#breadcrumb\",\"itemListElement\":[{\"@type\":\"ListItem\",\"position\":1,\"name\":\"Kezd\u0151lap\",\"item\":\"https:\\\/\\\/machteret1944.org\\\/hu\\\/\"},{\"@type\":\"ListItem\",\"position\":2,\"name\":\"K\u00fcldet\u00e9sek\",\"item\":\"https:\\\/\\\/machteret1944.org\\\/hu\\\/kuldetesek\\\/\"},{\"@type\":\"ListItem\",\"position\":3,\"name\":\"A k\u00fcld\u00f6ttek neve \u00e9s rendeltet\u00e9si helye 1944. m\u00e1rcius 19-t\u0151l j\u00fanius 30-ig.\"}]},{\"@type\":\"WebSite\",\"@id\":\"https:\\\/\\\/machteret1944.org\\\/hu\\\/#website\",\"url\":\"https:\\\/\\\/machteret1944.org\\\/hu\\\/\",\"name\":\"\u05d4\u05e2\u05de\u05d5\u05ea\u05d4 \u05dc\u05d7\u05e7\u05e8 \u05ea\u05e0\u05d5\u05e2\u05d5\u05ea \u05d4\u05e0\u05d5\u05e2\u05e8 \u05d4\u05e6\u05d9\u05d5\u05e0\u05d9\u05d5\u05ea \u05d1\u05d4\u05d5\u05e0\u05d2\u05e8\u05d9\u05d4\",\"description\":\"\u05d4\u05e2\u05de\u05d5\u05ea\u05d4 \u05dc\u05d7\u05e7\u05e8 \u05ea\u05e0\u05d5\u05e2\u05d5\u05ea \u05d4\u05e0\u05d5\u05e2\u05e8 \u05d4\u05e6\u05d9\u05d5\u05e0\u05d9\u05d5\u05ea \u05d1\u05d4\u05d5\u05e0\u05d2\u05e8\u05d9\u05d4\",\"publisher\":{\"@id\":\"https:\\\/\\\/machteret1944.org\\\/hu\\\/#organization\"},\"potentialAction\":[{\"@type\":\"SearchAction\",\"target\":{\"@type\":\"EntryPoint\",\"urlTemplate\":\"https:\\\/\\\/machteret1944.org\\\/hu\\\/?s={search_term_string}\"},\"query-input\":{\"@type\":\"PropertyValueSpecification\",\"valueRequired\":true,\"valueName\":\"search_term_string\"}}],\"inLanguage\":\"hu\"},{\"@type\":\"Organization\",\"@id\":\"https:\\\/\\\/machteret1944.org\\\/hu\\\/#organization\",\"name\":\"\u05d4\u05e2\u05de\u05d5\u05ea\u05d4 \u05dc\u05d7\u05e7\u05e8 \u05ea\u05e0\u05d5\u05e2\u05d5\u05ea \u05d4\u05e0\u05d5\u05e2\u05e8 \u05d4\u05e6\u05d9\u05d5\u05e0\u05d9\u05d5\u05ea \u05d1\u05d4\u05d5\u05e0\u05d2\u05e8\u05d9\u05d4\",\"url\":\"https:\\\/\\\/machteret1944.org\\\/hu\\\/\",\"logo\":{\"@type\":\"ImageObject\",\"inLanguage\":\"hu\",\"@id\":\"https:\\\/\\\/machteret1944.org\\\/hu\\\/#\\\/schema\\\/logo\\\/image\\\/\",\"url\":\"https:\\\/\\\/machteret1944.org\\\/wp-content\\\/uploads\\\/2020\\\/12\\\/\u05dc\u05d5\u05d2\u05d5-\u05dc\u05e2\u05de\u05d5\u05ea\u05d4.png\",\"contentUrl\":\"https:\\\/\\\/machteret1944.org\\\/wp-content\\\/uploads\\\/2020\\\/12\\\/\u05dc\u05d5\u05d2\u05d5-\u05dc\u05e2\u05de\u05d5\u05ea\u05d4.png\",\"width\":841,\"height\":290,\"caption\":\"\u05d4\u05e2\u05de\u05d5\u05ea\u05d4 \u05dc\u05d7\u05e7\u05e8 \u05ea\u05e0\u05d5\u05e2\u05d5\u05ea \u05d4\u05e0\u05d5\u05e2\u05e8 \u05d4\u05e6\u05d9\u05d5\u05e0\u05d9\u05d5\u05ea \u05d1\u05d4\u05d5\u05e0\u05d2\u05e8\u05d9\u05d4\"},\"image\":{\"@id\":\"https:\\\/\\\/machteret1944.org\\\/hu\\\/#\\\/schema\\\/logo\\\/image\\\/\"}}]}<\/script>\n<!-- \/ Yoast SEO plugin. -->","yoast_head_json":{"title":"A k\u00fcld\u00f6ttek neve \u00e9s rendeltet\u00e9si helye 1944. m\u00e1rcius 19-t\u0151l j\u00fanius 30-ig. - \u05d4\u05e2\u05de\u05d5\u05ea\u05d4 \u05dc\u05d7\u05e7\u05e8 \u05ea\u05e0\u05d5\u05e2\u05d5\u05ea \u05d4\u05e0\u05d5\u05e2\u05e8 \u05d4\u05e6\u05d9\u05d5\u05e0\u05d9\u05d5\u05ea \u05d1\u05d4\u05d5\u05e0\u05d2\u05e8\u05d9\u05d4","robots":{"index":"index","follow":"follow","max-snippet":"max-snippet:-1","max-image-preview":"max-image-preview:large","max-video-preview":"max-video-preview:-1"},"canonical":"https:\/\/machteret1944.org\/hu\/kuldetesek\/a-kuldottek-neve-es-rendeltetesi-helye-1944-marcius-19-tol-junius-30-ig\/","og_locale":"hu_HU","og_type":"article","og_title":"A k\u00fcld\u00f6ttek neve \u00e9s rendeltet\u00e9si helye 1944. m\u00e1rcius 19-t\u0151l j\u00fanius 30-ig. - \u05d4\u05e2\u05de\u05d5\u05ea\u05d4 \u05dc\u05d7\u05e7\u05e8 \u05ea\u05e0\u05d5\u05e2\u05d5\u05ea \u05d4\u05e0\u05d5\u05e2\u05e8 \u05d4\u05e6\u05d9\u05d5\u05e0\u05d9\u05d5\u05ea \u05d1\u05d4\u05d5\u05e0\u05d2\u05e8\u05d9\u05d4","og_description":"Eliezer Even Sz\u00e9kesfeh\u00e9rv\u00e1r Betzalel Adler Kassa \u00e9s Ungv\u00e1r Nesher Adler \u00c9rsek\u00fajv\u00e1r Ephraim Agmon k\u00e9tszer M\u00e1t\u00e9szalka \u00e9s Munk\u00e1cs; a tatai \u00e9s p\u00e9csi k\u00e9nyszermunkat\u00e1bor; (k\u00e9tszer a s\u00e1rv\u00e1ri \u00e9s kistarcsai m\u00e1t\u00e9szalkai \u00e9s munk\u00e1csi intern\u00e1l\u00f3t\u00e1bor) &nbsp; Tzipi Agmon A szegedi Gestapo b\u00f6rt\u00f6n; a moh\u00e1csi munkat\u00e1bor Hanna Oren (Ac\u00e9zl) Vid\u00e9ki v\u00e1rosok szerte Magyarorsz\u00e1gon Robert Offner Sopron \u00e9s Szombathely Baruch Eisinger [&hellip;]","og_url":"https:\/\/machteret1944.org\/hu\/kuldetesek\/a-kuldottek-neve-es-rendeltetesi-helye-1944-marcius-19-tol-junius-30-ig\/","og_site_name":"\u05d4\u05e2\u05de\u05d5\u05ea\u05d4 \u05dc\u05d7\u05e7\u05e8 \u05ea\u05e0\u05d5\u05e2\u05d5\u05ea \u05d4\u05e0\u05d5\u05e2\u05e8 \u05d4\u05e6\u05d9\u05d5\u05e0\u05d9\u05d5\u05ea \u05d1\u05d4\u05d5\u05e0\u05d2\u05e8\u05d9\u05d4","article_modified_time":"2024-02-12T08:12:41+00:00","twitter_card":"summary_large_image","twitter_misc":{"Becs\u00fclt olvas\u00e1si id\u0151":"3 perc"},"schema":{"@context":"https:\/\/schema.org","@graph":[{"@type":"WebPage","@id":"https:\/\/machteret1944.org\/hu\/kuldetesek\/a-kuldottek-neve-es-rendeltetesi-helye-1944-marcius-19-tol-junius-30-ig\/","url":"https:\/\/machteret1944.org\/hu\/kuldetesek\/a-kuldottek-neve-es-rendeltetesi-helye-1944-marcius-19-tol-junius-30-ig\/","name":"A k\u00fcld\u00f6ttek neve \u00e9s rendeltet\u00e9si helye 1944. m\u00e1rcius 19-t\u0151l j\u00fanius 30-ig. - \u05d4\u05e2\u05de\u05d5\u05ea\u05d4 \u05dc\u05d7\u05e7\u05e8 \u05ea\u05e0\u05d5\u05e2\u05d5\u05ea \u05d4\u05e0\u05d5\u05e2\u05e8 \u05d4\u05e6\u05d9\u05d5\u05e0\u05d9\u05d5\u05ea \u05d1\u05d4\u05d5\u05e0\u05d2\u05e8\u05d9\u05d4","isPartOf":{"@id":"https:\/\/machteret1944.org\/hu\/#website"},"datePublished":"2021-02-07T12:27:53+00:00","dateModified":"2024-02-12T08:12:41+00:00","breadcrumb":{"@id":"https:\/\/machteret1944.org\/hu\/kuldetesek\/a-kuldottek-neve-es-rendeltetesi-helye-1944-marcius-19-tol-junius-30-ig\/#breadcrumb"},"inLanguage":"hu","potentialAction":[{"@type":"ReadAction","target":["https:\/\/machteret1944.org\/hu\/kuldetesek\/a-kuldottek-neve-es-rendeltetesi-helye-1944-marcius-19-tol-junius-30-ig\/"]}]},{"@type":"BreadcrumbList","@id":"https:\/\/machteret1944.org\/hu\/kuldetesek\/a-kuldottek-neve-es-rendeltetesi-helye-1944-marcius-19-tol-junius-30-ig\/#breadcrumb","itemListElement":[{"@type":"ListItem","position":1,"name":"Kezd\u0151lap","item":"https:\/\/machteret1944.org\/hu\/"},{"@type":"ListItem","position":2,"name":"K\u00fcldet\u00e9sek","item":"https:\/\/machteret1944.org\/hu\/kuldetesek\/"},{"@type":"ListItem","position":3,"name":"A k\u00fcld\u00f6ttek neve \u00e9s rendeltet\u00e9si helye 1944. m\u00e1rcius 19-t\u0151l j\u00fanius 30-ig."}]},{"@type":"WebSite","@id":"https:\/\/machteret1944.org\/hu\/#website","url":"https:\/\/machteret1944.org\/hu\/","name":"\u05d4\u05e2\u05de\u05d5\u05ea\u05d4 \u05dc\u05d7\u05e7\u05e8 \u05ea\u05e0\u05d5\u05e2\u05d5\u05ea \u05d4\u05e0\u05d5\u05e2\u05e8 \u05d4\u05e6\u05d9\u05d5\u05e0\u05d9\u05d5\u05ea \u05d1\u05d4\u05d5\u05e0\u05d2\u05e8\u05d9\u05d4","description":"\u05d4\u05e2\u05de\u05d5\u05ea\u05d4 \u05dc\u05d7\u05e7\u05e8 \u05ea\u05e0\u05d5\u05e2\u05d5\u05ea \u05d4\u05e0\u05d5\u05e2\u05e8 \u05d4\u05e6\u05d9\u05d5\u05e0\u05d9\u05d5\u05ea \u05d1\u05d4\u05d5\u05e0\u05d2\u05e8\u05d9\u05d4","publisher":{"@id":"https:\/\/machteret1944.org\/hu\/#organization"},"potentialAction":[{"@type":"SearchAction","target":{"@type":"EntryPoint","urlTemplate":"https:\/\/machteret1944.org\/hu\/?s={search_term_string}"},"query-input":{"@type":"PropertyValueSpecification","valueRequired":true,"valueName":"search_term_string"}}],"inLanguage":"hu"},{"@type":"Organization","@id":"https:\/\/machteret1944.org\/hu\/#organization","name":"\u05d4\u05e2\u05de\u05d5\u05ea\u05d4 \u05dc\u05d7\u05e7\u05e8 \u05ea\u05e0\u05d5\u05e2\u05d5\u05ea \u05d4\u05e0\u05d5\u05e2\u05e8 \u05d4\u05e6\u05d9\u05d5\u05e0\u05d9\u05d5\u05ea \u05d1\u05d4\u05d5\u05e0\u05d2\u05e8\u05d9\u05d4","url":"https:\/\/machteret1944.org\/hu\/","logo":{"@type":"ImageObject","inLanguage":"hu","@id":"https:\/\/machteret1944.org\/hu\/#\/schema\/logo\/image\/","url":"https:\/\/machteret1944.org\/wp-content\/uploads\/2020\/12\/\u05dc\u05d5\u05d2\u05d5-\u05dc\u05e2\u05de\u05d5\u05ea\u05d4.png","contentUrl":"https:\/\/machteret1944.org\/wp-content\/uploads\/2020\/12\/\u05dc\u05d5\u05d2\u05d5-\u05dc\u05e2\u05de\u05d5\u05ea\u05d4.png","width":841,"height":290,"caption":"\u05d4\u05e2\u05de\u05d5\u05ea\u05d4 \u05dc\u05d7\u05e7\u05e8 \u05ea\u05e0\u05d5\u05e2\u05d5\u05ea \u05d4\u05e0\u05d5\u05e2\u05e8 \u05d4\u05e6\u05d9\u05d5\u05e0\u05d9\u05d5\u05ea \u05d1\u05d4\u05d5\u05e0\u05d2\u05e8\u05d9\u05d4"},"image":{"@id":"https:\/\/machteret1944.org\/hu\/#\/schema\/logo\/image\/"}}]}},"_links":{"self":[{"href":"https:\/\/machteret1944.org\/hu\/wp-json\/wp\/v2\/pages\/4762","targetHints":{"allow":["GET"]}}],"collection":[{"href":"https:\/\/machteret1944.org\/hu\/wp-json\/wp\/v2\/pages"}],"about":[{"href":"https:\/\/machteret1944.org\/hu\/wp-json\/wp\/v2\/types\/page"}],"author":[{"embeddable":true,"href":"https:\/\/machteret1944.org\/hu\/wp-json\/wp\/v2\/users\/2"}],"replies":[{"embeddable":true,"href":"https:\/\/machteret1944.org\/hu\/wp-json\/wp\/v2\/comments?post=4762"}],"version-history":[{"count":1,"href":"https:\/\/machteret1944.org\/hu\/wp-json\/wp\/v2\/pages\/4762\/revisions"}],"predecessor-version":[{"id":4763,"href":"https:\/\/machteret1944.org\/hu\/wp-json\/wp\/v2\/pages\/4762\/revisions\/4763"}],"up":[{"embeddable":true,"href":"https:\/\/machteret1944.org\/hu\/wp-json\/wp\/v2\/pages\/4702"}],"wp:attachment":[{"href":"https:\/\/machteret1944.org\/hu\/wp-json\/wp\/v2\/media?parent=4762"}],"curies":[{"name":"wp","href":"https:\/\/api.w.org\/{rel}","templated":true}]}}